{"id":40,"date":"2018-01-22T17:57:50","date_gmt":"2018-01-22T17:57:50","guid":{"rendered":"http:\/\/gardaslowemotion.local\/?page_id=40"},"modified":"2023-04-24T11:09:56","modified_gmt":"2023-04-24T11:09:56","slug":"lago-di-garda","status":"publish","type":"page","link":"https:\/\/gardaslowemotion.it\/it\/lago-di-garda\/","title":{"rendered":"Lago di Garda"},"content":{"rendered":"<p>Durante una vacanza nel lato trentino del Lago di Garda potrete meravigliarvi ogni giorno scoprendo luoghi, paesaggi e tradizioni uniche e tipiche di questo straordinario territorio.<\/p>\n<p>Assaporate i prodotti tipici, ascoltate le antiche leggende che raccontano i castelli, antiche chiese, forti e i nostri musei. Scoprirete che il paesaggio del Garda Trentino ha lo straordinario potere di mettervi in movimento: potete scalare le montagne, ammirando la bellezza di questa oasi mediterranea. Perdervi in rilassanti passeggiate immersi nella natura o assaporare il gusto della tradizione nei prodotti e piatti tipici del nostro territorio.<\/p>\n<p>Questo e molto altro vi aspetta se scegliete di trascorrere una vacanza all&#8217;Antica Croce slow emotion hotel di Tenno.<\/p>\n<h2>Cosa visitare:<\/h2>\n","protected":false},"excerpt":{"rendered":"<p>Etiam porta sem malesuada magna mollis euismod.<\/p>\n","protected":false},"author":4,"featured_media":962,"parent":0,"menu_order":0,"comment_status":"closed","ping_status":"closed","template":"page-templates\/simple-grid.php","meta":{"footnotes":""},"class_list":["post-40","page","type-page","status-publish","has-post-thumbnail","hentry"],"yoast_head":"<!-- This site is optimized with the Yoast SEO plugin v27.1.1 - https:\/\/yoast.com\/product\/yoast-seo-wordpress\/ -->\n<title>Lago di Garda - Garda Slow Emotion<\/title>\n<meta name=\"robots\" content=\"index, follow, max-snippet:-1, max-image-preview:large, max-video-preview:-1\" \/>\n<link rel=\"canonical\" href=\"https:\/\/gardaslowemotion.ddev.local\/it\/lago-di-garda\/\" \/>\n<meta property=\"og:locale\" content=\"it_IT\" \/>\n<meta property=\"og:type\" content=\"article\" \/>\n<meta property=\"og:title\" content=\"Lago di Garda - Garda Slow Emotion\" \/>\n<meta property=\"og:description\" content=\"Etiam porta sem malesuada magna mollis euismod.\" \/>\n<meta property=\"og:url\" content=\"https:\/\/gardaslowemotion.ddev.local\/it\/lago-di-garda\/\" \/>\n<meta property=\"og:site_name\" content=\"Garda Slow Emotion\" \/>\n<meta property=\"article:publisher\" content=\"https:\/\/www.facebook.com\/anticacroce\/\" \/>\n<meta property=\"article:modified_time\" content=\"2023-04-24T11:09:56+00:00\" \/>\n<meta property=\"og:image\" content=\"https:\/\/gardaslowemotion.ddev.local\/wp-content\/uploads\/2018\/03\/83.jpg\" \/>\n\t<meta property=\"og:image:width\" content=\"2400\" \/>\n\t<meta property=\"og:image:height\" content=\"1594\" \/>\n\t<meta property=\"og:image:type\" content=\"image\/jpeg\" \/>\n<meta name=\"twitter:card\" content=\"summary_large_image\" \/>\n<meta name=\"twitter:label1\" content=\"Tempo di lettura stimato\" \/>\n\t<meta name=\"twitter:data1\" content=\"1 minuto\" \/>\n<script type=\"application\/ld+json\" class=\"yoast-schema-graph\">{\"@context\":\"https:\/\/schema.org\",\"@graph\":[{\"@type\":\"WebPage\",\"@id\":\"https:\/\/gardaslowemotion.ddev.local\/it\/lago-di-garda\/\",\"url\":\"https:\/\/gardaslowemotion.ddev.local\/it\/lago-di-garda\/\",\"name\":\"Lago di Garda - Garda Slow Emotion\",\"isPartOf\":{\"@id\":\"https:\/\/gardaslowemotion.ddev.local\/it\/#website\"},\"primaryImageOfPage\":{\"@id\":\"https:\/\/gardaslowemotion.ddev.local\/it\/lago-di-garda\/#primaryimage\"},\"image\":{\"@id\":\"https:\/\/gardaslowemotion.ddev.local\/it\/lago-di-garda\/#primaryimage\"},\"thumbnailUrl\":\"https:\/\/gardaslowemotion.it\/wp-content\/uploads\/2018\/03\/83.jpg\",\"datePublished\":\"2018-01-22T17:57:50+00:00\",\"dateModified\":\"2023-04-24T11:09:56+00:00\",\"breadcrumb\":{\"@id\":\"https:\/\/gardaslowemotion.ddev.local\/it\/lago-di-garda\/#breadcrumb\"},\"inLanguage\":\"it-IT\",\"potentialAction\":[{\"@type\":\"ReadAction\",\"target\":[\"https:\/\/gardaslowemotion.ddev.local\/it\/lago-di-garda\/\"]}]},{\"@type\":\"ImageObject\",\"inLanguage\":\"it-IT\",\"@id\":\"https:\/\/gardaslowemotion.ddev.local\/it\/lago-di-garda\/#primaryimage\",\"url\":\"https:\/\/gardaslowemotion.it\/wp-content\/uploads\/2018\/03\/83.jpg\",\"contentUrl\":\"https:\/\/gardaslowemotion.it\/wp-content\/uploads\/2018\/03\/83.jpg\",\"width\":2400,\"height\":1594,\"caption\":\"panorama,\"},{\"@type\":\"BreadcrumbList\",\"@id\":\"https:\/\/gardaslowemotion.ddev.local\/it\/lago-di-garda\/#breadcrumb\",\"itemListElement\":[{\"@type\":\"ListItem\",\"position\":1,\"name\":\"Home\",\"item\":\"https:\/\/gardaslowemotion.it\/it\/\"},{\"@type\":\"ListItem\",\"position\":2,\"name\":\"Lago di Garda\"}]},{\"@type\":\"WebSite\",\"@id\":\"https:\/\/gardaslowemotion.ddev.local\/it\/#website\",\"url\":\"https:\/\/gardaslowemotion.ddev.local\/it\/\",\"name\":\"Garda Slow Emotion\",\"description\":\"Hotel, appartamenti e ristorante a due passi dal Lago di Garda.\",\"potentialAction\":[{\"@type\":\"SearchAction\",\"target\":{\"@type\":\"EntryPoint\",\"urlTemplate\":\"https:\/\/gardaslowemotion.ddev.local\/it\/?s={search_term_string}\"},\"query-input\":{\"@type\":\"PropertyValueSpecification\",\"valueRequired\":true,\"valueName\":\"search_term_string\"}}],\"inLanguage\":\"it-IT\"}]}<\/script>\n<!-- \/ Yoast SEO plugin. -->","yoast_head_json":{"title":"Lago di Garda - Garda Slow Emotion","robots":{"index":"index","follow":"follow","max-snippet":"max-snippet:-1","max-image-preview":"max-image-preview:large","max-video-preview":"max-video-preview:-1"},"canonical":"https:\/\/gardaslowemotion.ddev.local\/it\/lago-di-garda\/","og_locale":"it_IT","og_type":"article","og_title":"Lago di Garda - Garda Slow Emotion","og_description":"Etiam porta sem malesuada magna mollis euismod.","og_url":"https:\/\/gardaslowemotion.ddev.local\/it\/lago-di-garda\/","og_site_name":"Garda Slow Emotion","article_publisher":"https:\/\/www.facebook.com\/anticacroce\/","article_modified_time":"2023-04-24T11:09:56+00:00","og_image":[{"width":2400,"height":1594,"url":"https:\/\/gardaslowemotion.ddev.local\/wp-content\/uploads\/2018\/03\/83.jpg","type":"image\/jpeg"}],"twitter_card":"summary_large_image","twitter_misc":{"Tempo di lettura stimato":"1 minuto"},"schema":{"@context":"https:\/\/schema.org","@graph":[{"@type":"WebPage","@id":"https:\/\/gardaslowemotion.ddev.local\/it\/lago-di-garda\/","url":"https:\/\/gardaslowemotion.ddev.local\/it\/lago-di-garda\/","name":"Lago di Garda - Garda Slow Emotion","isPartOf":{"@id":"https:\/\/gardaslowemotion.ddev.local\/it\/#website"},"primaryImageOfPage":{"@id":"https:\/\/gardaslowemotion.ddev.local\/it\/lago-di-garda\/#primaryimage"},"image":{"@id":"https:\/\/gardaslowemotion.ddev.local\/it\/lago-di-garda\/#primaryimage"},"thumbnailUrl":"https:\/\/gardaslowemotion.it\/wp-content\/uploads\/2018\/03\/83.jpg","datePublished":"2018-01-22T17:57:50+00:00","dateModified":"2023-04-24T11:09:56+00:00","breadcrumb":{"@id":"https:\/\/gardaslowemotion.ddev.local\/it\/lago-di-garda\/#breadcrumb"},"inLanguage":"it-IT","potentialAction":[{"@type":"ReadAction","target":["https:\/\/gardaslowemotion.ddev.local\/it\/lago-di-garda\/"]}]},{"@type":"ImageObject","inLanguage":"it-IT","@id":"https:\/\/gardaslowemotion.ddev.local\/it\/lago-di-garda\/#primaryimage","url":"https:\/\/gardaslowemotion.it\/wp-content\/uploads\/2018\/03\/83.jpg","contentUrl":"https:\/\/gardaslowemotion.it\/wp-content\/uploads\/2018\/03\/83.jpg","width":2400,"height":1594,"caption":"panorama,"},{"@type":"BreadcrumbList","@id":"https:\/\/gardaslowemotion.ddev.local\/it\/lago-di-garda\/#breadcrumb","itemListElement":[{"@type":"ListItem","position":1,"name":"Home","item":"https:\/\/gardaslowemotion.it\/it\/"},{"@type":"ListItem","position":2,"name":"Lago di Garda"}]},{"@type":"WebSite","@id":"https:\/\/gardaslowemotion.ddev.local\/it\/#website","url":"https:\/\/gardaslowemotion.ddev.local\/it\/","name":"Garda Slow Emotion","description":"Hotel, appartamenti e ristorante a due passi dal Lago di Garda.","potentialAction":[{"@type":"SearchAction","target":{"@type":"EntryPoint","urlTemplate":"https:\/\/gardaslowemotion.ddev.local\/it\/?s={search_term_string}"},"query-input":{"@type":"PropertyValueSpecification","valueRequired":true,"valueName":"search_term_string"}}],"inLanguage":"it-IT"}]}},"meta_box":{"additional_info":"","apartments":[],"intro_title":"","intro_content":"","intro_box_offers":"","intro_box_gallery":"","slideshow":[],"structures_title":"","structures_text":"","structures":[],"restaurant_backdrop":false,"restaurant_title":"","restaurant_text":"","restaurant_page":"","posts_title":"","posts_text":"","posts":[],"accomodations_list_structures":[],"cta_label":"","internal_url":"","external_url":"","list_offers":[],"menus":[],"shortcode_form":"","facilities":"","simplegrids":[{"simplegrid_title":"CASCATE DI VARONE","simplegrid_description":"Attraverso infiltrazioni sotterranee provenienti dal lago di Tenno si forma il torrente Magnone la cui azione erosiva ha dato vita alle fragorose cascate del Varone.\r\n<a href=\"http:\/\/www.cascata-varone.com\/it\/\">www.cascata-varone.com<\/a>","simplegrid_picture":"972"},{"simplegrid_title":"ROCCA DI RIVA DEL GARDA","simplegrid_description":"La Rocca ha accompagnato la storia del territorio, adattando il suo volto al mutare dei secoli. Oggi sede del Museo Civico e della Pinacoteca.\r\n<a href=\"https:\/\/www.gardatrentino.it\/it\/rocca-riva-del-garda\/\">www.gardatrentino.it\/it\/rocca-riva-del-garda\/<\/a>","simplegrid_picture":"971"},{"simplegrid_title":"CENTRALE IDROELETTRICA","simplegrid_description":"La centrale idroelettrica realizzata in riva al lago negli anni '20 su progetto dell'architetto di D'Annunzio, Giancarlo Maroni, gi\u00e0 artefice del Vittoriale degli Italiani.\r\n<a href=\"http:\/\/www.hydrotourdolomiti.it\/content\/it\/riva-del-garda\">www.hydrotourdolomiti.it\/content\/it\/riva-del-garda<\/a>","simplegrid_picture":"668"},{"simplegrid_title":"CASTELLO DI ARCO","simplegrid_description":"Il Castello di Arco, una delle fortezze medievali pi\u00f9 belle e suggestive di tutto l\u2019arco alpino, fu costruito dai conti d\u2019Arco sulla cima di una torre rocciosa, che domina la piana del fiume Sarca e offre un panorama di indiscutibile fascino.\r\n<a href=\"https:\/\/www.gardatrentino.it\/it\/Castello-di-Arco-Garda-Trentino-Lago-di-Garda\/\" target=\"_blank\" rel=\"noopener\">www.gardatrentino.it\/it\/Castello-di-Arco-Garda-Trentino-Lago-di-Garda\/<\/a>","simplegrid_picture":"981"},{"simplegrid_title":"CHIESA DI SANTA BARBARA","simplegrid_description":"La Chiesetta di Santa Barbara \u00e8 il simbolo di Riva del Garda, incastonata tra le rocce del monte Rocchetta \u00e8 un\u2019escursione da non perdere per ammirare un panorama stupendo con vista sul lago e su Riva del Garda. La chiesetta fu costruita dai minatori durante i lavori delle condotte per la nuova centrale elettrica.","simplegrid_picture":"1003"},{"simplegrid_title":"SENTIERO DELLA PONALE","simplegrid_description":"La vecchia Strada nel Ponale, un tempo l\u2019unico collegamento tra l\u2019alto Garda e la Val di Ledro oggi \u00e8 un sentiero ad esclusivo uso ciclo-pedonale conosciuta come uno dei tracciati per mountain bike pi\u00f9 spettacolari di Italia per i suoi magnifici panorami sul lago di Garda. \u00c8 bellissima da percorrere anche a piedi.\r\n<a href=\"http:\/\/www.ponale.eu\/\" target=\"_blank\" rel=\"noopener\">www.ponale.eu<\/a>","simplegrid_picture":"964"},{"simplegrid_title":"SENTIERO PANORAMICO BUSATTE TEMPESTA","simplegrid_description":"Uno spettacolare sentiero panoramico che parte dalla localit\u00e0 Busatte,poco sopra Torbole, e costeggiando a met\u00e0 montagna la riviera Orientale del Lago di Garda Trentino, raggiunge Tempesta. Il tracciato \u00e8 composto da tre scalinate, per un totale di 400 scalini, circa che permettono di godere di uno straordinario panorama sul Lago di Garda.\r\n<a href=\"https:\/\/www.visitmalcesine.com\/it\/scalinata-panoramica-percorso-busatte-tempesta-lago-garda\/36\" target=\"_blank\" rel=\"noopener\">www.visitmalcesine.com\/it\/scalinata-panoramica-percorso-busatte-tempesta-lago-garda<\/a>","simplegrid_picture":"1004"},{"simplegrid_title":"MONTE BALDO IN FUNIVIA","simplegrid_description":"Imperdibile la funivia del Monte Baldo che ha la particolarit\u00e0 di essere roteante: fa un giro completo di 360 gradi durante la corsa per avere una vista del lago, delle colline e della montagna, da una prospettiva altrimenti inaccessibile. Sul Monte Baldo si possono fare delle facili passeggiate, godere dei panorami o mangiare qualche piatto tipico nelle baite e ristoranti.\r\n<a href=\"https:\/\/funiviedelbaldo.it\" target=\"_blank\" rel=\"noopener\">funiviedelbaldo.it<\/a>","simplegrid_picture":"1005"},{"simplegrid_title":"CASTELLO SCALIGERO MALCESINE","simplegrid_description":"Non pu\u00f2 mancare una vistia a Malcesine con il suo centro storico pieno di viuzze, lo splendido castello Scaligero scena di moltissimi matrimoni da favola e tanti bar e ristorantini nel centro o sulla riva del Lago. Se poi si pensa che Malcesine \u00e8 posto sulla sponda Est del lago di Garda si intuisce facilmente che \u00e8 il luogo perfetto dove godere di tramonti spettacolari.\r\n<a href=\"https:\/\/www.visitmalcesine.com\/it\/castello-scaligero-malcesine-lago-garda\/42\" target=\"_blank\" rel=\"noopener\">www.visitmalcesine.com<\/a>","simplegrid_picture":"1170"},{"simplegrid_title":"IL VITTORIALE","simplegrid_description":"Una delle case museo pi\u00f9 affascinanti se non la pi\u00f9 enigmatica e rivelatrice d\u2019Italia, dotata di un magnifico giardino, di un teatro all\u2019aperto, di vie e di piazzette, ricca d\u2019arte e impercettibili segreti. ll Vittoriale degli Italiani, dimora di Gabriele d\u2019Annunzio, si trova a Gardone Riviera, sulla sponda bresciana del lago di Garda, e fu costruito a memoria della \"vita inimitabile\" del poeta-soldato e delle imprese degli italiani durante la prima guerra mondiale.\r\n<a href=\"http:\/\/www.vittoriale.it\/\" target=\"_blank\" rel=\"noopener\">www.vittoriale.it<\/a>","simplegrid_picture":"1007"}],"toptenitems":[],"galleria":[],"redirect_to":""},"_links":{"self":[{"href":"https:\/\/gardaslowemotion.it\/it\/wp-json\/wp\/v2\/pages\/40","targetHints":{"allow":["GET"]}}],"collection":[{"href":"https:\/\/gardaslowemotion.it\/it\/wp-json\/wp\/v2\/pages"}],"about":[{"href":"https:\/\/gardaslowemotion.it\/it\/wp-json\/wp\/v2\/types\/page"}],"author":[{"embeddable":true,"href":"https:\/\/gardaslowemotion.it\/it\/wp-json\/wp\/v2\/users\/4"}],"replies":[{"embeddable":true,"href":"https:\/\/gardaslowemotion.it\/it\/wp-json\/wp\/v2\/comments?post=40"}],"version-history":[{"count":19,"href":"https:\/\/gardaslowemotion.it\/it\/wp-json\/wp\/v2\/pages\/40\/revisions"}],"predecessor-version":[{"id":2289,"href":"https:\/\/gardaslowemotion.it\/it\/wp-json\/wp\/v2\/pages\/40\/revisions\/2289"}],"wp:featuredmedia":[{"embeddable":true,"href":"https:\/\/gardaslowemotion.it\/it\/wp-json\/wp\/v2\/media\/962"}],"wp:attachment":[{"href":"https:\/\/gardaslowemotion.it\/it\/wp-json\/wp\/v2\/media?parent=40"}],"curies":[{"name":"wp","href":"https:\/\/api.w.org\/{rel}","templated":true}]}}